{"id":1122,"date":"2018-01-16T16:44:11","date_gmt":"2018-01-16T16:44:11","guid":{"rendered":"https:\/\/tusac.lange-development.ch\/produkt\/duftschaum-power-plus\/"},"modified":"2019-06-24T11:14:58","modified_gmt":"2019-06-24T11:14:58","slug":"duftschaum-power-plus","status":"publish","type":"product","link":"https:\/\/tusac.ch\/fr\/shop\/waschanlagen-chemie\/waschstrassen\/duftschaum-power-plus\/","title":{"rendered":"Duftschaum Power Plus 25ltr"},"content":{"rendered":"<p>Starker Schaum &#8211; Intensiver Duft in der ganzen Anlage.<\/p>\n<p>Sehr stark sch\u00e4umendes Produktkonzentrat mit \u00fcberdurchschnittlichem starkem Frischeduft (Naranja), der sich durch die ganze Anlage zieht. Mit starker Schaumentwicklung und sehr stabilen Schaumblasen sorgt der Duftschaum PowerPlus f\u00fcr eine l\u00e4ngere Einwirkzeit und damit f\u00fcr erheblich bessere Reinigungsergebnisse. Doppelkonzentrat, \u00e4u\u00dferst ergiebig.<\/p>\n<p>Unverd\u00fcnnt oder 1:4 bis 1:9 (Chemie:Wasser) mit Wasservorverd\u00fcnnt \u00fcber Dosierpumpe dosieren. F\u00fcr das gew\u00fcnschte Schaumbild m\u00fcssen Wasser, Luft und Produkt entsprechend eingestellt werden. Verbrauch ca. 5 bis 10 ml Konzentrat pro Fahrzeug.<\/p>\n","protected":false},"excerpt":{"rendered":"<p>Duftschaum Power plus, 25ltr<\/p>\n","protected":false},"featured_media":2813,"comment_status":"open","ping_status":"closed","template":"","meta":[],"product_cat":[45,68,67,69],"product_tag":[],"_links":{"self":[{"href":"https:\/\/tusac.ch\/fr\/wp-json\/wp\/v2\/product\/1122"}],"collection":[{"href":"https:\/\/tusac.ch\/fr\/wp-json\/wp\/v2\/product"}],"about":[{"href":"https:\/\/tusac.ch\/fr\/wp-json\/wp\/v2\/types\/product"}],"replies":[{"embeddable":true,"href":"https:\/\/tusac.ch\/fr\/wp-json\/wp\/v2\/comments?post=1122"}],"wp:featuredmedia":[{"embeddable":true,"href":"https:\/\/tusac.ch\/fr\/wp-json\/wp\/v2\/media\/2813"}],"wp:attachment":[{"href":"https:\/\/tusac.ch\/fr\/wp-json\/wp\/v2\/media?parent=1122"}],"wp:term":[{"taxonomy":"product_cat","embeddable":true,"href":"https:\/\/tusac.ch\/fr\/wp-json\/wp\/v2\/product_cat?post=1122"},{"taxonomy":"product_tag","embeddable":true,"href":"https:\/\/tusac.ch\/fr\/wp-json\/wp\/v2\/product_tag?post=1122"}],"curies":[{"name":"wp","href":"https:\/\/api.w.org\/{rel}","templated":true}]}}